{"id":663,"date":"2017-03-30T08:22:51","date_gmt":"2017-03-30T08:22:51","guid":{"rendered":"http:\/\/www.planinskimuzej.si\/?page_id=663"},"modified":"2017-05-10T11:27:57","modified_gmt":"2017-05-10T11:27:57","slug":"past-exhibitions","status":"publish","type":"page","link":"https:\/\/planinskimuzej.si\/en\/about-the-museum\/past-exhibitions\/","title":{"rendered":"Past exhibitions"},"content":{"rendered":"<p>Tukaj se prikazuje kategorija novic &#8211; zbirke\/razstave, rabimo \u0161e uvodni tekst, pod \u010drto pa se prikazujejo arhivirane novice<\/p>\n<div class=\"fusion-sep-clear\"><\/div><div class=\"fusion-separator fusion-full-width-sep\" style=\"margin-left: auto;margin-right: auto;margin-bottom:20px;width:100%;\"><div class=\"fusion-separator-border sep-single sep-solid\" style=\"--awb-height:20px;--awb-amount:20px;border-color:#e0dede;border-top-width:1px;\"><\/div><\/div><div class=\"fusion-sep-clear\"><\/div>\n<div class=\"fusion-blog-shortcode fusion-blog-shortcode-1 fusion-blog-archive fusion-blog-layout-medium fusion-blog-pagination\"><div class=\"fusion-posts-container fusion-posts-container-pagination fusion-no-meta-info fusion-blog-rollover\" data-pages=\"4\"><article id=\"blog-1-post-49896\" class=\"fusion-post-medium post-49896 post type-post status-publish format-standard has-post-thumbnail hentry category-obcasne-razstave-en-2\">\n\t<style type=\"text\/css\">\n\t\t\n\t\t\n\t\t\n\t\t\n\t\t\t<\/style>\n\n\n\t\t\t<div class=\"fusion-flexslider flexslider fusion-flexslider-loading fusion-post-slideshow\" style=\"\">\n\t\t<ul class=\"slides\">\n\t\t\t\n\t\t\t\t\t\t\t\t\t\t\t\t\t\t<li><div  class=\"fusion-image-wrapper fusion-image-size-fixed\" aria-haspopup=\"true\">\n\t\t\t\t<img decoding=\"async\" width=\"320\" height=\"202\" src=\"https:\/\/planinskimuzej.si\/wp-content\/uploads\/2026\/03\/Kopija-izdelka-SPLETNA-STRAN-TEMPLATE-FOR-PHOTO-1-320x202.jpg\" class=\"attachment-blog-medium size-blog-medium wp-post-image\" alt=\"\" srcset=\"https:\/\/planinskimuzej.si\/wp-content\/uploads\/2026\/03\/Kopija-izdelka-SPLETNA-STRAN-TEMPLATE-FOR-PHOTO-1-320x202.jpg 320w, https:\/\/planinskimuzej.si\/wp-content\/uploads\/2026\/03\/Kopija-izdelka-SPLETNA-STRAN-TEMPLATE-FOR-PHOTO-1-700x441.jpg 700w\" sizes=\"(max-width: 320px) 100vw, 320px\" \/><div class=\"fusion-rollover\">\n\t<div class=\"fusion-rollover-content\">\n\n\t\t\t\t\t\t\t\t\t\t\t\t\t\t<a class=\"fusion-rollover-link\" href=\"https:\/\/planinskimuzej.si\/en\/searching-for-the-wild-my-explorations-of-the-kocevje-wilderness-a-photographic-exhibition-by-petra-draskovic-pelc\/\">Searching for the Wild \u2013 My Explorations of the Ko\u010devje Wilderness, a photographic exhibition by Petra Dra\u0161kovi\u010d Pelc<\/a>\n\t\t\t\n\t\t\t\t\t\t\t\t\n\t\t\n\t\t\t\t\t\t\t\t\t\t\t\t<h4 class=\"fusion-rollover-title\">\n\t\t\t\t\t<a class=\"fusion-rollover-title-link\" href=\"https:\/\/planinskimuzej.si\/en\/searching-for-the-wild-my-explorations-of-the-kocevje-wilderness-a-photographic-exhibition-by-petra-draskovic-pelc\/\">\n\t\t\t\t\t\tSearching for the Wild \u2013 My Explorations of the Ko\u010devje Wilderness, a photographic exhibition by Petra Dra\u0161kovi\u010d Pelc\t\t\t\t\t<\/a>\n\t\t\t\t<\/h4>\n\t\t\t\n\t\t\t\t\t\t\t\t\n\t\t\n\t\t\t\t\t\t<a class=\"fusion-link-wrapper\" href=\"https:\/\/planinskimuzej.si\/en\/searching-for-the-wild-my-explorations-of-the-kocevje-wilderness-a-photographic-exhibition-by-petra-draskovic-pelc\/\" aria-label=\"Searching for the Wild \u2013 My Explorations of the Ko\u010devje Wilderness, a photographic exhibition by Petra Dra\u0161kovi\u010d Pelc\"><\/a>\n\t<\/div>\n<\/div>\n<\/div>\n<\/li>\n\t\t\t\n\t\t\t\n\t\t\t\t\t\t\t\t\t\t\t\t\t\t\t\t\t\t\t\t\t\t\t\t\t\t\t\t\t\t\t\t\t\t\t\t\t\t\t\t\t\t\t\t\t\t\t\t\t\t\t\t\t\t\t\t\t\t\t\t\t\t\t\t\t\t\t\t<\/ul>\n\t<\/div>\n\t<div class=\"fusion-post-content post-content\"><h2 class=\"blog-shortcode-post-title entry-title\"><a href=\"https:\/\/planinskimuzej.si\/en\/searching-for-the-wild-my-explorations-of-the-kocevje-wilderness-a-photographic-exhibition-by-petra-draskovic-pelc\/\">Searching for the Wild \u2013 My Explorations of the Ko\u010devje Wilderness, a photographic exhibition by Petra Dra\u0161kovi\u010d Pelc<\/a><\/h2><div class=\"fusion-post-content-container\"><p>In her photographic exhibition, Petra Dra\u0161kovi\u010d Pelc opens a view into the Ko\u010devje region as a space of silence, inner stillness, and a primal connection with nature. Her photographs are not merely documents of landscape, [...]<\/p><\/div><\/div><div class=\"fusion-clearfix\"><\/div><\/article>\n<article id=\"blog-1-post-49107\" class=\"fusion-post-medium post-49107 post type-post status-publish format-standard has-post-thumbnail hentry category-news category-obcasne-razstave-en-2\">\n\t<style type=\"text\/css\">\n\t\t\n\t\t\n\t\t\n\t\t\n\t\t\t<\/style>\n\n\n\t\t\t<div class=\"fusion-flexslider flexslider fusion-flexslider-loading fusion-post-slideshow\" style=\"\">\n\t\t<ul class=\"slides\">\n\t\t\t\n\t\t\t\t\t\t\t\t\t\t\t\t\t\t<li><div  class=\"fusion-image-wrapper fusion-image-size-fixed\" aria-haspopup=\"true\">\n\t\t\t\t<img decoding=\"async\" width=\"320\" height=\"202\" src=\"https:\/\/planinskimuzej.si\/wp-content\/uploads\/2026\/01\/SPLETNA-STRAN-TEMPLATE-FOR-PHOTO-1-320x202.jpg\" class=\"attachment-blog-medium size-blog-medium wp-post-image\" alt=\"\" srcset=\"https:\/\/planinskimuzej.si\/wp-content\/uploads\/2026\/01\/SPLETNA-STRAN-TEMPLATE-FOR-PHOTO-1-320x202.jpg 320w, https:\/\/planinskimuzej.si\/wp-content\/uploads\/2026\/01\/SPLETNA-STRAN-TEMPLATE-FOR-PHOTO-1-700x441.jpg 700w\" sizes=\"(max-width: 320px) 100vw, 320px\" \/><div class=\"fusion-rollover\">\n\t<div class=\"fusion-rollover-content\">\n\n\t\t\t\t\t\t\t\t\t\t\t\t\t\t<a class=\"fusion-rollover-link\" href=\"https:\/\/planinskimuzej.si\/en\/triglav-mountain-and-symbol\/\">Triglav \u2013 Mountain and Symbol<\/a>\n\t\t\t\n\t\t\t\t\t\t\t\t\n\t\t\n\t\t\t\t\t\t\t\t\t\t\t\t<h4 class=\"fusion-rollover-title\">\n\t\t\t\t\t<a class=\"fusion-rollover-title-link\" href=\"https:\/\/planinskimuzej.si\/en\/triglav-mountain-and-symbol\/\">\n\t\t\t\t\t\tTriglav \u2013 Mountain and Symbol\t\t\t\t\t<\/a>\n\t\t\t\t<\/h4>\n\t\t\t\n\t\t\t\t\t\t\t\t\n\t\t\n\t\t\t\t\t\t<a class=\"fusion-link-wrapper\" href=\"https:\/\/planinskimuzej.si\/en\/triglav-mountain-and-symbol\/\" aria-label=\"Triglav \u2013 Mountain and Symbol\"><\/a>\n\t<\/div>\n<\/div>\n<\/div>\n<\/li>\n\t\t\t\n\t\t\t\n\t\t\t\t\t\t\t\t\t\t\t\t\t\t\t\t\t\t\t\t\t\t\t\t\t\t\t\t\t\t\t\t\t\t\t\t\t\t\t\t\t\t\t\t\t\t\t\t\t\t\t\t\t\t\t\t\t\t\t\t\t\t\t\t\t\t\t\t<\/ul>\n\t<\/div>\n\t<div class=\"fusion-post-content post-content\"><h2 class=\"blog-shortcode-post-title entry-title\"><a href=\"https:\/\/planinskimuzej.si\/en\/triglav-mountain-and-symbol\/\">Triglav \u2013 Mountain and Symbol<\/a><\/h2><div class=\"fusion-post-content-container\"><p>A new exhibition has arrived at the Slovenian Alpine Museum: Triglav \u2013 Mountain and Symbol. \u2603The exhibition tells the story of how Triglav evolved from the highest mountain in the Slovenian territory into the central [...]<\/p><\/div><\/div><div class=\"fusion-clearfix\"><\/div><\/article>\n<article id=\"blog-1-post-47930\" class=\"fusion-post-medium post-47930 post type-post status-publish format-standard has-post-thumbnail hentry category-arhiv-razstav-en category-news\">\n\t<style type=\"text\/css\">\n\t\t\n\t\t\n\t\t\n\t\t\n\t\t\t<\/style>\n\n\n\t\t\t<div class=\"fusion-flexslider flexslider fusion-flexslider-loading fusion-post-slideshow\" style=\"\">\n\t\t<ul class=\"slides\">\n\t\t\t\n\t\t\t\t\t\t\t\t\t\t\t\t\t\t<li><div  class=\"fusion-image-wrapper fusion-image-size-fixed\" aria-haspopup=\"true\">\n\t\t\t\t<img decoding=\"async\" width=\"320\" height=\"202\" src=\"https:\/\/planinskimuzej.si\/wp-content\/uploads\/2025\/10\/SPM-spletna-stran-foto-template-7-320x202.jpg\" class=\"attachment-blog-medium size-blog-medium wp-post-image\" alt=\"\" srcset=\"https:\/\/planinskimuzej.si\/wp-content\/uploads\/2025\/10\/SPM-spletna-stran-foto-template-7-320x202.jpg 320w, https:\/\/planinskimuzej.si\/wp-content\/uploads\/2025\/10\/SPM-spletna-stran-foto-template-7-700x441.jpg 700w\" sizes=\"(max-width: 320px) 100vw, 320px\" \/><div class=\"fusion-rollover\">\n\t<div class=\"fusion-rollover-content\">\n\n\t\t\t\t\t\t\t\t\t\t\t\t\t\t<a class=\"fusion-rollover-link\" href=\"https:\/\/planinskimuzej.si\/en\/trekking-around-makalu-1975-the-first-yugoslav-trekking-expedition-to-the-himalayas-temporary-exhibition\/\">Trekking Around Makalu 1975 \u2013 The First Yugoslav Trekking Expedition to the Himalayas, Temporary Exhibition<\/a>\n\t\t\t\n\t\t\t\t\t\t\t\t\n\t\t\n\t\t\t\t\t\t\t\t\t\t\t\t<h4 class=\"fusion-rollover-title\">\n\t\t\t\t\t<a class=\"fusion-rollover-title-link\" href=\"https:\/\/planinskimuzej.si\/en\/trekking-around-makalu-1975-the-first-yugoslav-trekking-expedition-to-the-himalayas-temporary-exhibition\/\">\n\t\t\t\t\t\tTrekking Around Makalu 1975 \u2013 The First Yugoslav Trekking Expedition to the Himalayas, Temporary Exhibition\t\t\t\t\t<\/a>\n\t\t\t\t<\/h4>\n\t\t\t\n\t\t\t\t\t\t\t\t\n\t\t\n\t\t\t\t\t\t<a class=\"fusion-link-wrapper\" href=\"https:\/\/planinskimuzej.si\/en\/trekking-around-makalu-1975-the-first-yugoslav-trekking-expedition-to-the-himalayas-temporary-exhibition\/\" aria-label=\"Trekking Around Makalu 1975 \u2013 The First Yugoslav Trekking Expedition to the Himalayas, Temporary Exhibition\"><\/a>\n\t<\/div>\n<\/div>\n<\/div>\n<\/li>\n\t\t\t\n\t\t\t\n\t\t\t\t\t\t\t\t\t\t\t\t\t\t\t\t\t\t\t\t\t\t\t\t\t\t\t\t\t\t\t\t\t\t\t\t\t\t\t\t\t\t\t\t\t\t\t\t\t\t\t\t\t\t\t\t\t\t\t\t\t\t\t\t\t\t\t\t<\/ul>\n\t<\/div>\n\t<div class=\"fusion-post-content post-content\"><h2 class=\"blog-shortcode-post-title entry-title\"><a href=\"https:\/\/planinskimuzej.si\/en\/trekking-around-makalu-1975-the-first-yugoslav-trekking-expedition-to-the-himalayas-temporary-exhibition\/\">Trekking Around Makalu 1975 \u2013 The First Yugoslav Trekking Expedition to the Himalayas, Temporary Exhibition<\/a><\/h2><div class=\"fusion-post-content-container\"><p>In the autumn of 1975, the first Yugoslav trekking expedition set out for Nepal, consisting of 29 mountaineers from various parts of the country. Among the participants were several former alpinists, which gave the expedition [...]<\/p><\/div><\/div><div class=\"fusion-clearfix\"><\/div><\/article>\n<article id=\"blog-1-post-47927\" class=\"fusion-post-medium post-47927 post type-post status-publish format-standard has-post-thumbnail hentry category-news category-obcasne-razstave-en-2\">\n\t<style type=\"text\/css\">\n\t\t\n\t\t\n\t\t\n\t\t\n\t\t\t<\/style>\n\n\n\t\t\t<div class=\"fusion-flexslider flexslider fusion-flexslider-loading fusion-post-slideshow\" style=\"\">\n\t\t<ul class=\"slides\">\n\t\t\t\n\t\t\t\t\t\t\t\t\t\t\t\t\t\t<li><div  class=\"fusion-image-wrapper fusion-image-size-fixed\" aria-haspopup=\"true\">\n\t\t\t\t<img decoding=\"async\" width=\"320\" height=\"202\" src=\"https:\/\/planinskimuzej.si\/wp-content\/uploads\/2025\/10\/SPM-spletna-stran-foto-template-6-320x202.jpg\" class=\"attachment-blog-medium size-blog-medium wp-post-image\" alt=\"\" srcset=\"https:\/\/planinskimuzej.si\/wp-content\/uploads\/2025\/10\/SPM-spletna-stran-foto-template-6-320x202.jpg 320w, https:\/\/planinskimuzej.si\/wp-content\/uploads\/2025\/10\/SPM-spletna-stran-foto-template-6-700x441.jpg 700w\" sizes=\"(max-width: 320px) 100vw, 320px\" \/><div class=\"fusion-rollover\">\n\t<div class=\"fusion-rollover-content\">\n\n\t\t\t\t\t\t\t\t\t\t\t\t\t\t<a class=\"fusion-rollover-link\" href=\"https:\/\/planinskimuzej.si\/en\/ales-kunaver-from-home-mountains-to-the-roof-of-the-world-temporary-exhibition\/\">Ale\u0161 Kunaver \u2013 From Home Mountains to the Roof of the World, Temporary Exhibition<\/a>\n\t\t\t\n\t\t\t\t\t\t\t\t\n\t\t\n\t\t\t\t\t\t\t\t\t\t\t\t<h4 class=\"fusion-rollover-title\">\n\t\t\t\t\t<a class=\"fusion-rollover-title-link\" href=\"https:\/\/planinskimuzej.si\/en\/ales-kunaver-from-home-mountains-to-the-roof-of-the-world-temporary-exhibition\/\">\n\t\t\t\t\t\tAle\u0161 Kunaver \u2013 From Home Mountains to the Roof of the World, Temporary Exhibition\t\t\t\t\t<\/a>\n\t\t\t\t<\/h4>\n\t\t\t\n\t\t\t\t\t\t\t\t\n\t\t\n\t\t\t\t\t\t<a class=\"fusion-link-wrapper\" href=\"https:\/\/planinskimuzej.si\/en\/ales-kunaver-from-home-mountains-to-the-roof-of-the-world-temporary-exhibition\/\" aria-label=\"Ale\u0161 Kunaver \u2013 From Home Mountains to the Roof of the World, Temporary Exhibition\"><\/a>\n\t<\/div>\n<\/div>\n<\/div>\n<\/li>\n\t\t\t\n\t\t\t\n\t\t\t\t\t\t\t\t\t\t\t\t\t\t\t\t\t\t\t\t\t\t\t\t\t\t\t\t\t\t\t\t\t\t\t\t\t\t\t\t\t\t\t\t\t\t\t\t\t\t\t\t\t\t\t\t\t\t\t\t\t\t\t\t\t\t\t\t<\/ul>\n\t<\/div>\n\t<div class=\"fusion-post-content post-content\"><h2 class=\"blog-shortcode-post-title entry-title\"><a href=\"https:\/\/planinskimuzej.si\/en\/ales-kunaver-from-home-mountains-to-the-roof-of-the-world-temporary-exhibition\/\">Ale\u0161 Kunaver \u2013 From Home Mountains to the Roof of the World, Temporary Exhibition<\/a><\/h2><div class=\"fusion-post-content-container\"><p>Starting on 17 October, the temporary exhibition Ale\u0161 Kunaver \u2013 From Home Mountains to the Roof of the World will be on view. It is dedicated to the 50th anniversary of the first ascent via [...]<\/p><\/div><\/div><div class=\"fusion-clearfix\"><\/div><\/article>\n<article id=\"blog-1-post-46438\" class=\"fusion-post-medium post-46438 post type-post status-publish format-standard has-post-thumbnail hentry category-arhiv-razstav-en\">\n\t<style type=\"text\/css\">\n\t\t\n\t\t\n\t\t\n\t\t\n\t\t\t<\/style>\n\n\n\t\t\t<div class=\"fusion-flexslider flexslider fusion-flexslider-loading fusion-post-slideshow\" style=\"\">\n\t\t<ul class=\"slides\">\n\t\t\t\n\t\t\t\t\t\t\t\t\t\t\t\t\t\t<li><div  class=\"fusion-image-wrapper fusion-image-size-fixed\" aria-haspopup=\"true\">\n\t\t\t\t<img decoding=\"async\" width=\"320\" height=\"202\" src=\"https:\/\/planinskimuzej.si\/wp-content\/uploads\/2024\/12\/Ande-Cordillero_Real-320x202.jpg\" class=\"attachment-blog-medium size-blog-medium wp-post-image\" alt=\"\" srcset=\"https:\/\/planinskimuzej.si\/wp-content\/uploads\/2024\/12\/Ande-Cordillero_Real-320x202.jpg 320w, https:\/\/planinskimuzej.si\/wp-content\/uploads\/2024\/12\/Ande-Cordillero_Real-700x441.jpg 700w\" sizes=\"(max-width: 320px) 100vw, 320px\" \/><div class=\"fusion-rollover\">\n\t<div class=\"fusion-rollover-content\">\n\n\t\t\t\t\t\t\t\t\t\t\t\t\t\t<a class=\"fusion-rollover-link\" href=\"https:\/\/planinskimuzej.si\/en\/46438\/\">Ice Giants or Inaccessible Beauties, temporary exhibition<\/a>\n\t\t\t\n\t\t\t\t\t\t\t\t\n\t\t\n\t\t\t\t\t\t\t\t\t\t\t\t<h4 class=\"fusion-rollover-title\">\n\t\t\t\t\t<a class=\"fusion-rollover-title-link\" href=\"https:\/\/planinskimuzej.si\/en\/46438\/\">\n\t\t\t\t\t\tIce Giants or Inaccessible Beauties, temporary exhibition\t\t\t\t\t<\/a>\n\t\t\t\t<\/h4>\n\t\t\t\n\t\t\t\t\t\t\t\t\n\t\t\n\t\t\t\t\t\t<a class=\"fusion-link-wrapper\" href=\"https:\/\/planinskimuzej.si\/en\/46438\/\" aria-label=\"Ice Giants or Inaccessible Beauties, temporary exhibition\"><\/a>\n\t<\/div>\n<\/div>\n<\/div>\n<\/li>\n\t\t\t\n\t\t\t\n\t\t\t\t\t\t\t\t\t\t\t\t\t\t\t\t\t\t\t\t\t\t\t\t\t\t\t\t\t\t\t\t\t\t\t\t\t\t\t\t\t\t\t\t\t\t\t\t\t\t\t\t\t\t\t\t\t\t\t\t\t\t\t\t\t\t\t\t<\/ul>\n\t<\/div>\n\t<div class=\"fusion-post-content post-content\"><h2 class=\"blog-shortcode-post-title entry-title\"><a href=\"https:\/\/planinskimuzej.si\/en\/46438\/\">Ice Giants or Inaccessible Beauties, temporary exhibition<\/a><\/h2><div class=\"fusion-post-content-container\"><p>Ice Giants or Inaccessible Beauties \u2013 Temporary ExhibitionOn the 50th anniversary of the expedition to the Cordillera Blanca, a photo exhibition titled Ice Giants or Inaccessible Beauties is on view on the museum staircase. The [...]<\/p><\/div><\/div><div class=\"fusion-clearfix\"><\/div><\/article>\n<article id=\"blog-1-post-46436\" class=\"fusion-post-medium post-46436 post type-post status-publish format-standard has-post-thumbnail hentry category-obcasne-razstave-en-2\">\n\t<style type=\"text\/css\">\n\t\t\n\t\t\n\t\t\n\t\t\n\t\t\t<\/style>\n\n\n\t\t\t<div class=\"fusion-flexslider flexslider fusion-flexslider-loading fusion-post-slideshow\" style=\"\">\n\t\t<ul class=\"slides\">\n\t\t\t\n\t\t\t\t\t\t\t\t\t\t\t\t\t\t<li><div  class=\"fusion-image-wrapper fusion-image-size-fixed\" aria-haspopup=\"true\">\n\t\t\t\t<img decoding=\"async\" width=\"320\" height=\"202\" src=\"https:\/\/planinskimuzej.si\/wp-content\/uploads\/2025\/07\/SPM-spletna-stran-foto-template-2-320x202.png\" class=\"attachment-blog-medium size-blog-medium wp-post-image\" alt=\"\" srcset=\"https:\/\/planinskimuzej.si\/wp-content\/uploads\/2025\/07\/SPM-spletna-stran-foto-template-2-320x202.png 320w, https:\/\/planinskimuzej.si\/wp-content\/uploads\/2025\/07\/SPM-spletna-stran-foto-template-2-700x441.png 700w\" sizes=\"(max-width: 320px) 100vw, 320px\" \/><div class=\"fusion-rollover\">\n\t<div class=\"fusion-rollover-content\">\n\n\t\t\t\t\t\t\t\t\t\t\t\t\t\t<a class=\"fusion-rollover-link\" href=\"https:\/\/planinskimuzej.si\/en\/130-years-of-the-aljaz-tower-symbol-or-trophy\/\">130 years of the Alja\u017e tower: Symbol or Trophy?<\/a>\n\t\t\t\n\t\t\t\t\t\t\t\t\n\t\t\n\t\t\t\t\t\t\t\t\t\t\t\t<h4 class=\"fusion-rollover-title\">\n\t\t\t\t\t<a class=\"fusion-rollover-title-link\" href=\"https:\/\/planinskimuzej.si\/en\/130-years-of-the-aljaz-tower-symbol-or-trophy\/\">\n\t\t\t\t\t\t130 years of the Alja\u017e tower: Symbol or Trophy?\t\t\t\t\t<\/a>\n\t\t\t\t<\/h4>\n\t\t\t\n\t\t\t\t\t\t\t\t\n\t\t\n\t\t\t\t\t\t<a class=\"fusion-link-wrapper\" href=\"https:\/\/planinskimuzej.si\/en\/130-years-of-the-aljaz-tower-symbol-or-trophy\/\" aria-label=\"130 years of the Alja\u017e tower: Symbol or Trophy?\"><\/a>\n\t<\/div>\n<\/div>\n<\/div>\n<\/li>\n\t\t\t\n\t\t\t\n\t\t\t\t\t\t\t\t\t\t\t\t\t\t\t\t\t\t\t\t\t\t\t\t\t\t\t\t\t\t\t\t\t\t\t\t\t\t\t\t\t\t\t\t\t\t\t\t\t\t\t\t\t\t\t\t\t\t\t\t\t\t\t\t\t\t\t\t<\/ul>\n\t<\/div>\n\t<div class=\"fusion-post-content post-content\"><h2 class=\"blog-shortcode-post-title entry-title\"><a href=\"https:\/\/planinskimuzej.si\/en\/130-years-of-the-aljaz-tower-symbol-or-trophy\/\">130 years of the Alja\u017e tower: Symbol or Trophy?<\/a><\/h2><div class=\"fusion-post-content-container\"><p>The exhibition \u201cAlja\u017e Tower \u2013 Symbol or Trophy\u201d explores the historical, cultural, and symbolic significance of the Alja\u017e Tower and its transformation over time \u2013 from Jakob Alja\u017e\u2019s patriotic gesture of resistance to a contemporary [...]<\/p><\/div><\/div><div class=\"fusion-clearfix\"><\/div><\/article>\n<article id=\"blog-1-post-46430\" class=\"fusion-post-medium post-46430 post type-post status-publish format-standard has-post-thumbnail hentry category-arhiv-razstav-en category-news\">\n\t<style type=\"text\/css\">\n\t\t\n\t\t\n\t\t\n\t\t\n\t\t\t<\/style>\n\n\n\t\t\t<div class=\"fusion-flexslider flexslider fusion-flexslider-loading fusion-post-slideshow\" style=\"\">\n\t\t<ul class=\"slides\">\n\t\t\t\n\t\t\t\t\t\t\t\t\t\t\t\t\t\t<li><div  class=\"fusion-image-wrapper fusion-image-size-fixed\" aria-haspopup=\"true\">\n\t\t\t\t<img decoding=\"async\" width=\"320\" height=\"202\" src=\"https:\/\/planinskimuzej.si\/wp-content\/uploads\/2025\/07\/SPM-spletna-stran-foto-template-1-1-320x202.jpg\" class=\"attachment-blog-medium size-blog-medium wp-post-image\" alt=\"\" srcset=\"https:\/\/planinskimuzej.si\/wp-content\/uploads\/2025\/07\/SPM-spletna-stran-foto-template-1-1-320x202.jpg 320w, https:\/\/planinskimuzej.si\/wp-content\/uploads\/2025\/07\/SPM-spletna-stran-foto-template-1-1-700x441.jpg 700w\" sizes=\"(max-width: 320px) 100vw, 320px\" \/><div class=\"fusion-rollover\">\n\t<div class=\"fusion-rollover-content\">\n\n\t\t\t\t\t\t\t\t\t\t\t\t\t\t<a class=\"fusion-rollover-link\" href=\"https:\/\/planinskimuzej.si\/en\/scientist-on-the-rope-the-first-slovenian-explorers-of-the-himalayas\/\">Scientist on the rope: the first Slovenian explorers of the Himalayas<\/a>\n\t\t\t\n\t\t\t\t\t\t\t\t\n\t\t\n\t\t\t\t\t\t\t\t\t\t\t\t<h4 class=\"fusion-rollover-title\">\n\t\t\t\t\t<a class=\"fusion-rollover-title-link\" href=\"https:\/\/planinskimuzej.si\/en\/scientist-on-the-rope-the-first-slovenian-explorers-of-the-himalayas\/\">\n\t\t\t\t\t\tScientist on the rope: the first Slovenian explorers of the Himalayas\t\t\t\t\t<\/a>\n\t\t\t\t<\/h4>\n\t\t\t\n\t\t\t\t\t\t\t\t\n\t\t\n\t\t\t\t\t\t<a class=\"fusion-link-wrapper\" href=\"https:\/\/planinskimuzej.si\/en\/scientist-on-the-rope-the-first-slovenian-explorers-of-the-himalayas\/\" aria-label=\"Scientist on the rope: the first Slovenian explorers of the Himalayas\"><\/a>\n\t<\/div>\n<\/div>\n<\/div>\n<\/li>\n\t\t\t\n\t\t\t\n\t\t\t\t\t\t\t\t\t\t\t\t\t\t\t\t\t\t\t\t\t\t\t\t\t\t\t\t\t\t\t\t\t\t\t\t\t\t\t\t\t\t\t\t\t\t\t\t\t\t\t\t\t\t\t\t\t\t\t\t\t\t\t\t\t\t\t\t<\/ul>\n\t<\/div>\n\t<div class=\"fusion-post-content post-content\"><h2 class=\"blog-shortcode-post-title entry-title\"><a href=\"https:\/\/planinskimuzej.si\/en\/scientist-on-the-rope-the-first-slovenian-explorers-of-the-himalayas\/\">Scientist on the rope: the first Slovenian explorers of the Himalayas<\/a><\/h2><div class=\"fusion-post-content-container\"><p>SCIENTISTS ON THE ROPE: THE FIRST SLOVENIAN EXPLORERS OF THE HIMALAYAS The exploration of the Himalayas \u2013 the world\u2019s highest and one of its most mysterious mountain ranges \u2013 has a rich and varied history. [...]<\/p><\/div><\/div><div class=\"fusion-clearfix\"><\/div><\/article>\n<article id=\"blog-1-post-35833\" class=\"fusion-post-medium post-35833 post type-post status-publish format-standard has-post-thumbnail hentry category-arhiv-razstav-en\">\n\t<style type=\"text\/css\">\n\t\t\n\t\t\n\t\t\n\t\t\n\t\t\t<\/style>\n\n\n\t\t\t<div class=\"fusion-flexslider flexslider fusion-flexslider-loading fusion-post-slideshow\" style=\"\">\n\t\t<ul class=\"slides\">\n\t\t\t\n\t\t\t\t\t\t\t\t\t\t\t\t\t\t<li><div  class=\"fusion-image-wrapper fusion-image-size-fixed\" aria-haspopup=\"true\">\n\t\t\t\t<img decoding=\"async\" width=\"320\" height=\"202\" src=\"https:\/\/planinskimuzej.si\/wp-content\/uploads\/2024\/03\/Untitled-3-320x202.jpg\" class=\"attachment-blog-medium size-blog-medium wp-post-image\" alt=\"\" \/><div class=\"fusion-rollover\">\n\t<div class=\"fusion-rollover-content\">\n\n\t\t\t\t\t\t\t\t\t\t\t\t\t\t<a class=\"fusion-rollover-link\" href=\"https:\/\/planinskimuzej.si\/en\/bivouac-ii-on-the-lakes-temporary-exhibiton\/\">Bivouac II on the Lakes, temporary exhibiton<\/a>\n\t\t\t\n\t\t\t\t\t\t\t\t\n\t\t\n\t\t\t\t\t\t\t\t\t\t\t\t<h4 class=\"fusion-rollover-title\">\n\t\t\t\t\t<a class=\"fusion-rollover-title-link\" href=\"https:\/\/planinskimuzej.si\/en\/bivouac-ii-on-the-lakes-temporary-exhibiton\/\">\n\t\t\t\t\t\tBivouac II on the Lakes, temporary exhibiton\t\t\t\t\t<\/a>\n\t\t\t\t<\/h4>\n\t\t\t\n\t\t\t\t\t\t\t\t\n\t\t\n\t\t\t\t\t\t<a class=\"fusion-link-wrapper\" href=\"https:\/\/planinskimuzej.si\/en\/bivouac-ii-on-the-lakes-temporary-exhibiton\/\" aria-label=\"Bivouac II on the Lakes, temporary exhibiton\"><\/a>\n\t<\/div>\n<\/div>\n<\/div>\n<\/li>\n\t\t\t\n\t\t\t\n\t\t\t\t\t\t\t\t\t\t\t\t\t\t\t\t\t\t\t\t\t\t\t\t\t\t\t\t\t\t\t\t\t\t\t\t\t\t\t\t\t\t\t\t\t\t\t\t\t\t\t\t\t\t\t\t\t\t\t\t\t\t\t\t\t\t\t\t<\/ul>\n\t<\/div>\n\t<div class=\"fusion-post-content post-content\"><h2 class=\"blog-shortcode-post-title entry-title\"><a href=\"https:\/\/planinskimuzej.si\/en\/bivouac-ii-on-the-lakes-temporary-exhibiton\/\">Bivouac II on the Lakes, temporary exhibiton<\/a><\/h2><div class=\"fusion-post-content-container\"><p>You are invited to see the new temporary exhibition on the 100th anniversary of the Mountaineering Society of Jesenice, entitled Bivouac II on the Lakes. The exhibition presents a photo story about the removal of [...]<\/p><\/div><\/div><div class=\"fusion-clearfix\"><\/div><\/article>\n<article id=\"blog-1-post-35827\" class=\"fusion-post-medium post-35827 post type-post status-publish format-standard has-post-thumbnail hentry category-arhiv-razstav-en\">\n\t<style type=\"text\/css\">\n\t\t\n\t\t\n\t\t\n\t\t\n\t\t\t<\/style>\n\n\n\t\t\t<div class=\"fusion-flexslider flexslider fusion-flexslider-loading fusion-post-slideshow\" style=\"\">\n\t\t<ul class=\"slides\">\n\t\t\t\n\t\t\t\t\t\t\t\t\t\t\t\t\t\t<li><div  class=\"fusion-image-wrapper fusion-image-size-fixed\" aria-haspopup=\"true\">\n\t\t\t\t<img decoding=\"async\" width=\"320\" height=\"202\" src=\"https:\/\/planinskimuzej.si\/wp-content\/uploads\/2024\/03\/gorski-svet-320x202.jpg\" class=\"attachment-blog-medium size-blog-medium wp-post-image\" alt=\"\" srcset=\"https:\/\/planinskimuzej.si\/wp-content\/uploads\/2024\/03\/gorski-svet-320x202.jpg 320w, https:\/\/planinskimuzej.si\/wp-content\/uploads\/2024\/03\/gorski-svet-700x441.jpg 700w\" sizes=\"(max-width: 320px) 100vw, 320px\" \/><div class=\"fusion-rollover\">\n\t<div class=\"fusion-rollover-content\">\n\n\t\t\t\t\t\t\t\t\t\t\t\t\t\t<a class=\"fusion-rollover-link\" href=\"https:\/\/planinskimuzej.si\/en\/beautiful-mountain-world-temporary-exhibition-2024\/\">Beautiful mountain world, temporary exhibition, 2024<\/a>\n\t\t\t\n\t\t\t\t\t\t\t\t\n\t\t\n\t\t\t\t\t\t\t\t\t\t\t\t<h4 class=\"fusion-rollover-title\">\n\t\t\t\t\t<a class=\"fusion-rollover-title-link\" href=\"https:\/\/planinskimuzej.si\/en\/beautiful-mountain-world-temporary-exhibition-2024\/\">\n\t\t\t\t\t\tBeautiful mountain world, temporary exhibition, 2024\t\t\t\t\t<\/a>\n\t\t\t\t<\/h4>\n\t\t\t\n\t\t\t\t\t\t\t\t\n\t\t\n\t\t\t\t\t\t<a class=\"fusion-link-wrapper\" href=\"https:\/\/planinskimuzej.si\/en\/beautiful-mountain-world-temporary-exhibition-2024\/\" aria-label=\"Beautiful mountain world, temporary exhibition, 2024\"><\/a>\n\t<\/div>\n<\/div>\n<\/div>\n<\/li>\n\t\t\t\n\t\t\t\n\t\t\t\t\t\t\t\t\t\t\t\t\t\t\t\t\t\t\t\t\t\t\t\t\t\t\t\t\t\t\t\t\t\t\t\t\t\t\t\t\t\t\t\t\t\t\t\t\t\t\t\t\t\t\t\t\t\t\t\t\t\t\t\t\t\t\t\t<\/ul>\n\t<\/div>\n\t<div class=\"fusion-post-content post-content\"><h2 class=\"blog-shortcode-post-title entry-title\"><a href=\"https:\/\/planinskimuzej.si\/en\/beautiful-mountain-world-temporary-exhibition-2024\/\">Beautiful mountain world, temporary exhibition, 2024<\/a><\/h2><div class=\"fusion-post-content-container\"><p>The photographic exhibition for the 100th anniversary of the Jesenice Mountaineering Society entitled The beautiful mountain world of photographer Robert Brezigar will be on display until June 2, 2024. Robert Brezigar is a member of [...]<\/p><\/div><\/div><div class=\"fusion-clearfix\"><\/div><\/article>\n<article id=\"blog-1-post-33212\" class=\"fusion-post-medium post-33212 post type-post status-publish format-standard has-post-thumbnail hentry category-arhiv-razstav-en category-news category-urgent-news\">\n\t<style type=\"text\/css\">\n\t\t\n\t\t\n\t\t\n\t\t\n\t\t\t<\/style>\n\n\n\t\t\t<div class=\"fusion-flexslider flexslider fusion-flexslider-loading fusion-post-slideshow\" style=\"\">\n\t\t<ul class=\"slides\">\n\t\t\t\n\t\t\t\t\t\t\t\t\t\t\t\t\t\t<li><div  class=\"fusion-image-wrapper fusion-image-size-fixed\" aria-haspopup=\"true\">\n\t\t\t\t<img decoding=\"async\" width=\"320\" height=\"202\" src=\"https:\/\/planinskimuzej.si\/wp-content\/uploads\/2023\/08\/358059420_762902605836548_3458981742728688764_n-2-320x202.jpg\" class=\"attachment-blog-medium size-blog-medium wp-post-image\" alt=\"\" srcset=\"https:\/\/planinskimuzej.si\/wp-content\/uploads\/2023\/08\/358059420_762902605836548_3458981742728688764_n-2-320x202.jpg 320w, https:\/\/planinskimuzej.si\/wp-content\/uploads\/2023\/08\/358059420_762902605836548_3458981742728688764_n-2-700x441.jpg 700w\" sizes=\"(max-width: 320px) 100vw, 320px\" \/><div class=\"fusion-rollover\">\n\t<div class=\"fusion-rollover-content\">\n\n\t\t\t\t\t\t\t\t\t\t\t\t\t\t<a class=\"fusion-rollover-link\" href=\"https:\/\/planinskimuzej.si\/en\/first-slovenes-in-el-capitan-1973\/\">First Slovenes in El Capitan 1973<\/a>\n\t\t\t\n\t\t\t\t\t\t\t\t\n\t\t\n\t\t\t\t\t\t\t\t\t\t\t\t<h4 class=\"fusion-rollover-title\">\n\t\t\t\t\t<a class=\"fusion-rollover-title-link\" href=\"https:\/\/planinskimuzej.si\/en\/first-slovenes-in-el-capitan-1973\/\">\n\t\t\t\t\t\tFirst Slovenes in El Capitan 1973\t\t\t\t\t<\/a>\n\t\t\t\t<\/h4>\n\t\t\t\n\t\t\t\t\t\t\t\t\n\t\t\n\t\t\t\t\t\t<a class=\"fusion-link-wrapper\" href=\"https:\/\/planinskimuzej.si\/en\/first-slovenes-in-el-capitan-1973\/\" aria-label=\"First Slovenes in El Capitan 1973\"><\/a>\n\t<\/div>\n<\/div>\n<\/div>\n<\/li>\n\t\t\t\n\t\t\t\n\t\t\t\t\t\t\t\t\t\t\t\t\t\t\t\t\t\t\t\t\t\t\t\t\t\t\t\t\t\t\t\t\t\t\t\t\t\t\t\t\t\t\t\t\t\t\t\t\t\t\t\t\t\t\t\t\t\t\t\t\t\t\t\t\t\t\t\t<\/ul>\n\t<\/div>\n\t<div class=\"fusion-post-content post-content\"><h2 class=\"blog-shortcode-post-title entry-title\"><a href=\"https:\/\/planinskimuzej.si\/en\/first-slovenes-in-el-capitan-1973\/\">First Slovenes in El Capitan 1973<\/a><\/h2><div class=\"fusion-post-content-container\"><p>Old Indian legends tell of the first climbers in Yosemite Valley, and the first white man is said to have set foot there in 1833. In November 1958, the famous Nose route in El Capitan [...]<\/p><\/div><\/div><div class=\"fusion-clearfix\"><\/div><\/article>\n<\/div><div class=\"pagination clearfix\"><span class=\"current\">1<\/span><a href=\"https:\/\/planinskimuzej.si\/en\/wp-json\/wp\/v2\/pages\/663\/page\/2\/\" class=\"inactive\">2<\/a><a class=\"pagination-next\" rel=\"next\" href=\"https:\/\/planinskimuzej.si\/en\/wp-json\/wp\/v2\/pages\/663\/page\/2\/\"><span class=\"page-text\">Next<\/span><span class=\"page-next\"><\/span><\/a><\/div><div class=\"fusion-clearfix\"><\/div><\/div>\n","protected":false},"excerpt":{"rendered":"<p>Tukaj se prikazuje kategorija novic &#8211; zbirke\/razstave, rabimo \u0161e uvodni tekst, pod \u010drto pa se prikazujejo arhivirane novice<\/p>\n","protected":false},"author":1,"featured_media":0,"parent":655,"menu_order":1,"comment_status":"closed","ping_status":"closed","template":"","meta":{"footnotes":""},"class_list":["post-663","page","type-page","status-publish","hentry"],"yoast_head":"<!-- This site is optimized with the Yoast SEO plugin v27.4 - https:\/\/yoast.com\/product\/yoast-seo-wordpress\/ -->\n<title>Past exhibitions - Planinski Muzej<\/title>\n<meta name=\"robots\" content=\"index, follow, max-snippet:-1, max-image-preview:large, max-video-preview:-1\" \/>\n<link rel=\"canonical\" href=\"https:\/\/planinskimuzej.si\/en\/about-the-museum\/past-exhibitions\/\" \/>\n<meta property=\"og:locale\" content=\"en_US\" \/>\n<meta property=\"og:type\" content=\"article\" \/>\n<meta property=\"og:title\" content=\"Past exhibitions - Planinski Muzej\" \/>\n<meta property=\"og:description\" content=\"Tukaj se prikazuje kategorija novic &#8211; zbirke\/razstave, rabimo \u0161e uvodni tekst, pod \u010drto pa se prikazujejo arhivirane novice\" \/>\n<meta property=\"og:url\" content=\"https:\/\/planinskimuzej.si\/en\/about-the-museum\/past-exhibitions\/\" \/>\n<meta property=\"og:site_name\" content=\"Planinski Muzej\" \/>\n<meta property=\"article:modified_time\" content=\"2017-05-10T11:27:57+00:00\" \/>\n<meta name=\"twitter:card\" content=\"summary_large_image\" \/>\n<meta name=\"twitter:label1\" content=\"Est. reading time\" \/>\n\t<meta name=\"twitter:data1\" content=\"1 minute\" \/>\n<script type=\"application\/ld+json\" class=\"yoast-schema-graph\">{\"@context\":\"https:\\\/\\\/schema.org\",\"@graph\":[{\"@type\":\"WebPage\",\"@id\":\"https:\\\/\\\/planinskimuzej.si\\\/en\\\/about-the-museum\\\/past-exhibitions\\\/\",\"url\":\"https:\\\/\\\/planinskimuzej.si\\\/en\\\/about-the-museum\\\/past-exhibitions\\\/\",\"name\":\"Past exhibitions - Planinski Muzej\",\"isPartOf\":{\"@id\":\"https:\\\/\\\/planinskimuzej.si\\\/#website\"},\"datePublished\":\"2017-03-30T08:22:51+00:00\",\"dateModified\":\"2017-05-10T11:27:57+00:00\",\"breadcrumb\":{\"@id\":\"https:\\\/\\\/planinskimuzej.si\\\/en\\\/about-the-museum\\\/past-exhibitions\\\/#breadcrumb\"},\"inLanguage\":\"en-US\",\"potentialAction\":[{\"@type\":\"ReadAction\",\"target\":[\"https:\\\/\\\/planinskimuzej.si\\\/en\\\/about-the-museum\\\/past-exhibitions\\\/\"]}]},{\"@type\":\"BreadcrumbList\",\"@id\":\"https:\\\/\\\/planinskimuzej.si\\\/en\\\/about-the-museum\\\/past-exhibitions\\\/#breadcrumb\",\"itemListElement\":[{\"@type\":\"ListItem\",\"position\":1,\"name\":\"Home\",\"item\":\"https:\\\/\\\/planinskimuzej.si\\\/en\\\/\"},{\"@type\":\"ListItem\",\"position\":2,\"name\":\"About the Museum\",\"item\":\"https:\\\/\\\/planinskimuzej.si\\\/razstave\\\/\"},{\"@type\":\"ListItem\",\"position\":3,\"name\":\"Past exhibitions\"}]},{\"@type\":\"WebSite\",\"@id\":\"https:\\\/\\\/planinskimuzej.si\\\/#website\",\"url\":\"https:\\\/\\\/planinskimuzej.si\\\/\",\"name\":\"Planinski Muzej\",\"description\":\"Slovenski planinski muzej v Mojstrani ponuja pravo gorsko izku\u0161njo za alpinisti\u010dne navdu\u0161ence.\",\"potentialAction\":[{\"@type\":\"SearchAction\",\"target\":{\"@type\":\"EntryPoint\",\"urlTemplate\":\"https:\\\/\\\/planinskimuzej.si\\\/?s={search_term_string}\"},\"query-input\":{\"@type\":\"PropertyValueSpecification\",\"valueRequired\":true,\"valueName\":\"search_term_string\"}}],\"inLanguage\":\"en-US\"}]}<\/script>\n<!-- \/ Yoast SEO plugin. -->","yoast_head_json":{"title":"Past exhibitions - Planinski Muzej","robots":{"index":"index","follow":"follow","max-snippet":"max-snippet:-1","max-image-preview":"max-image-preview:large","max-video-preview":"max-video-preview:-1"},"canonical":"https:\/\/planinskimuzej.si\/en\/about-the-museum\/past-exhibitions\/","og_locale":"en_US","og_type":"article","og_title":"Past exhibitions - Planinski Muzej","og_description":"Tukaj se prikazuje kategorija novic &#8211; zbirke\/razstave, rabimo \u0161e uvodni tekst, pod \u010drto pa se prikazujejo arhivirane novice","og_url":"https:\/\/planinskimuzej.si\/en\/about-the-museum\/past-exhibitions\/","og_site_name":"Planinski Muzej","article_modified_time":"2017-05-10T11:27:57+00:00","twitter_card":"summary_large_image","twitter_misc":{"Est. reading time":"1 minute"},"schema":{"@context":"https:\/\/schema.org","@graph":[{"@type":"WebPage","@id":"https:\/\/planinskimuzej.si\/en\/about-the-museum\/past-exhibitions\/","url":"https:\/\/planinskimuzej.si\/en\/about-the-museum\/past-exhibitions\/","name":"Past exhibitions - Planinski Muzej","isPartOf":{"@id":"https:\/\/planinskimuzej.si\/#website"},"datePublished":"2017-03-30T08:22:51+00:00","dateModified":"2017-05-10T11:27:57+00:00","breadcrumb":{"@id":"https:\/\/planinskimuzej.si\/en\/about-the-museum\/past-exhibitions\/#breadcrumb"},"inLanguage":"en-US","potentialAction":[{"@type":"ReadAction","target":["https:\/\/planinskimuzej.si\/en\/about-the-museum\/past-exhibitions\/"]}]},{"@type":"BreadcrumbList","@id":"https:\/\/planinskimuzej.si\/en\/about-the-museum\/past-exhibitions\/#breadcrumb","itemListElement":[{"@type":"ListItem","position":1,"name":"Home","item":"https:\/\/planinskimuzej.si\/en\/"},{"@type":"ListItem","position":2,"name":"About the Museum","item":"https:\/\/planinskimuzej.si\/razstave\/"},{"@type":"ListItem","position":3,"name":"Past exhibitions"}]},{"@type":"WebSite","@id":"https:\/\/planinskimuzej.si\/#website","url":"https:\/\/planinskimuzej.si\/","name":"Planinski Muzej","description":"Slovenski planinski muzej v Mojstrani ponuja pravo gorsko izku\u0161njo za alpinisti\u010dne navdu\u0161ence.","potentialAction":[{"@type":"SearchAction","target":{"@type":"EntryPoint","urlTemplate":"https:\/\/planinskimuzej.si\/?s={search_term_string}"},"query-input":{"@type":"PropertyValueSpecification","valueRequired":true,"valueName":"search_term_string"}}],"inLanguage":"en-US"}]}},"_links":{"self":[{"href":"https:\/\/planinskimuzej.si\/en\/wp-json\/wp\/v2\/pages\/663","targetHints":{"allow":["GET"]}}],"collection":[{"href":"https:\/\/planinskimuzej.si\/en\/wp-json\/wp\/v2\/pages"}],"about":[{"href":"https:\/\/planinskimuzej.si\/en\/wp-json\/wp\/v2\/types\/page"}],"author":[{"embeddable":true,"href":"https:\/\/planinskimuzej.si\/en\/wp-json\/wp\/v2\/users\/1"}],"replies":[{"embeddable":true,"href":"https:\/\/planinskimuzej.si\/en\/wp-json\/wp\/v2\/comments?post=663"}],"version-history":[{"count":4,"href":"https:\/\/planinskimuzej.si\/en\/wp-json\/wp\/v2\/pages\/663\/revisions"}],"predecessor-version":[{"id":880,"href":"https:\/\/planinskimuzej.si\/en\/wp-json\/wp\/v2\/pages\/663\/revisions\/880"}],"up":[{"embeddable":true,"href":"https:\/\/planinskimuzej.si\/en\/wp-json\/wp\/v2\/pages\/655"}],"wp:attachment":[{"href":"https:\/\/planinskimuzej.si\/en\/wp-json\/wp\/v2\/media?parent=663"}],"curies":[{"name":"wp","href":"https:\/\/api.w.org\/{rel}","templated":true}]}}